{"id":18,"date":"2023-12-13T20:50:33","date_gmt":"2023-12-13T19:50:33","guid":{"rendered":"http:\/\/tpame-europe.org\/?page_id=18"},"modified":"2026-02-25T19:20:52","modified_gmt":"2026-02-25T18:20:52","slug":"actualites","status":"publish","type":"page","link":"https:\/\/tpame-europe.org\/","title":{"rendered":"Nos actions"},"content":{"rendered":"\n<h2 class=\"wp-block-heading\">Grand Rassemblement 2026<\/h2>\n\n\n<div class=\"wp-block-image\">\n<figure class=\"aligncenter size-medium\"><img loading=\"lazy\" decoding=\"async\" width=\"213\" height=\"300\" src=\"https:\/\/tpame-europe.org\/wp-content\/uploads\/2026\/02\/Affiche-Rassemblement-TPAME-Europe-213x300.jpg\" alt=\"\" class=\"wp-image-387\" srcset=\"https:\/\/tpame-europe.org\/wp-content\/uploads\/2026\/02\/Affiche-Rassemblement-TPAME-Europe-213x300.jpg 213w, https:\/\/tpame-europe.org\/wp-content\/uploads\/2026\/02\/Affiche-Rassemblement-TPAME-Europe-727x1024.jpg 727w, https:\/\/tpame-europe.org\/wp-content\/uploads\/2026\/02\/Affiche-Rassemblement-TPAME-Europe-768x1082.jpg 768w, https:\/\/tpame-europe.org\/wp-content\/uploads\/2026\/02\/Affiche-Rassemblement-TPAME-Europe-1090x1536.jpg 1090w, https:\/\/tpame-europe.org\/wp-content\/uploads\/2026\/02\/Affiche-Rassemblement-TPAME-Europe-1454x2048.jpg 1454w, https:\/\/tpame-europe.org\/wp-content\/uploads\/2026\/02\/Affiche-Rassemblement-TPAME-Europe.jpg 1500w\" sizes=\"auto, (max-width: 213px) 100vw, 213px\" \/><\/figure>\n<\/div>\n\n\n<div class=\"wp-block-group is-nowrap is-layout-flex wp-container-core-group-is-layout-ad2f72ca wp-block-group-is-layout-flex\">\n<p>L&rsquo;association <strong>Touche pas \u00e0 mon enfant &#8211; Europe<\/strong> et ses partenaires appellent \u00e0 un <strong>Grand Rassemblement le 4 avril 2026 \u00e0 14h Place de la R\u00e9publique \u00e0 Paris<\/strong> pour que la lutte contre la p\u00e9docriminalit\u00e9 soit d\u00e9clar\u00e9e <strong>Grande Cause Nationale<\/strong>.<\/p>\n<\/div>\n\n\n\n<p><a href=\"https:\/\/tpame-europe.org\/index.php\/grand-rassemblement\/\" data-type=\"page\" data-id=\"370\">Pour en savoir plus&#8230;<\/a> <\/p>\n\n\n\n<div style=\"height:50px\" aria-hidden=\"true\" class=\"wp-block-spacer\"><\/div>\n\n\n\n<h2 class=\"wp-block-heading\">L&rsquo;aventure continue<\/h2>\n\n\n\n<figure class=\"wp-block-embed aligncenter is-type-video is-provider-youtube wp-block-embed-youtube wp-embed-aspect-16-9 wp-has-aspect-ratio\"><div class=\"wp-block-embed__wrapper\">\n<div class=\"nv-iframe-embed\"><iframe loading=\"lazy\" title=\"La Grande Marche - l&#039;aventure continue en 2026\" width=\"1200\" height=\"675\" src=\"https:\/\/www.youtube.com\/embed\/TwXSBK9lOqM?feature=oembed\" frameborder=\"0\" allow=\"accelerometer; autoplay; clipboard-write; encrypted-media; gyroscope; picture-in-picture; web-share\" referrerpolicy=\"strict-origin-when-cross-origin\" allowfullscreen><\/iframe><\/div>\n<\/div><\/figure>\n\n\n\n<p><a href=\"https:\/\/tpame-europe.org\/index.php\/la-grande-marche-contre-la-pedocriminalite\/\" data-type=\"page\" data-id=\"147\">Pour en savoir plus&#8230;<\/a><\/p>\n\n\n\n<div style=\"height:50px\" aria-hidden=\"true\" class=\"wp-block-spacer\"><\/div>\n\n\n\n<h2 class=\"wp-block-heading\">Conf\u00e9rence du 12 avril 2025<\/h2>\n\n\n\n<p>L&rsquo;association organise le samedi 12 avril 2025 \u00e0 16h30 \u00e0 l&rsquo;Espace Andr\u00e9 Maign\u00e9 au Kremlin-Bic\u00eatre une conf\u00e9rence ayant pour th\u00e8me : <strong>la France face \u00e0 la p\u00e9docriminalit\u00e9 : enjeux, r\u00e9alit\u00e9s et actions<\/strong>. Nous aurons la chance d&rsquo;accueillir comme intervenants <strong>Maxime Montaut<\/strong> de l&rsquo;association <strong>Wanted Pedo<\/strong>, <strong>Jean-Luc Robert<\/strong> psychologue sp\u00e9cialis\u00e9 dans les troubles du comportement de l&rsquo;enfant et le streameur <strong>Mr. Fox<\/strong> qui lutte depuis une dizaine d&rsquo;ann\u00e9es \u00e0 confronter les p\u00e9docriminels en ligne.<\/p>\n\n\n\n<p><a href=\"https:\/\/tpame-europe.org\/index.php\/conference\/\" data-type=\"page\" data-id=\"315\">Pour en savoir plus&#8230;<\/a><\/p>\n\n\n\n<div style=\"height:50px\" aria-hidden=\"true\" class=\"wp-block-spacer\"><\/div>\n\n\n\n<h2 class=\"wp-block-heading\">On interpelle le Premier Ministre<\/h2>\n\n\n\n<p>Le 7 septembre 2024, <strong>M. Farid Dms Debah<\/strong>, pr\u00e9sident de l&rsquo;association <strong>Touche pas \u00e0 mon enfant &#8211; Europe<\/strong> a adress\u00e9 au <strong>Premier Ministre fran\u00e7ais<\/strong>, <strong>M. Michel Barnier<\/strong> une lettre pour il demander solennellement que le <strong>lutte contre la p\u00e9docriminalit\u00e9 soit d\u00e9clar\u00e9e Grande Cause Nationale<\/strong>.<\/p>\n\n\n\n<p><a href=\"https:\/\/tpame-europe.org\/index.php\/grande-cause-nationale\/\" data-type=\"page\" data-id=\"273\">Pour en savoir plus&#8230;<\/a><\/p>\n\n\n\n<div style=\"height:50px\" aria-hidden=\"true\" class=\"wp-block-spacer\"><\/div>\n\n\n\n<h2 class=\"wp-block-heading\">On interpelle les candidats<\/h2>\n\n\n\n<p>Notre association a interpell\u00e9 les candidats t\u00eate de liste des \u00e9lections europ\u00e9ennes qui se sont d\u00e9roul\u00e9es le 9 juin 2024 pour clarifier leur positionnement sur la lutte contre la p\u00e9docriminalit\u00e9. Un courrier cosign\u00e9 par une dizaine d&rsquo;associations, collectifs et canaux d&rsquo;informations leur ont \u00e9t\u00e9 adress\u00e9.<\/p>\n\n\n\n<p><a href=\"https:\/\/tpame-europe.org\/index.php\/elections-europeennes-2024\/\" data-type=\"page\" data-id=\"200\">Pour en savoir plus&#8230;<\/a><\/p>\n\n\n\n<div style=\"height:50px\" aria-hidden=\"true\" class=\"wp-block-spacer\"><\/div>\n\n\n\n<h2 class=\"wp-block-heading\"><strong>La Grande Marche Contre la P\u00e9docriminalit\u00e9<\/strong><\/h2>\n\n\n\n<p>Du 1er f\u00e9vrier au 2 avril 2024 s&rsquo;est d\u00e9roul\u00e9 la <strong>Grande Marche Contre la P\u00e9docriminalit\u00e9<\/strong>. Un p\u00e9riple de plus de <strong>1500 km<\/strong> \u00e0 pied qui a d\u00e9but\u00e9 du domaine Dms Debah pr\u00e8s d&rsquo;Albi dans le Tarn jusqu&rsquo;au Parlement Europ\u00e9en \u00e0 Bruxelles. Ce p\u00e9riple fut l&rsquo;occasion pour <strong>Farid Dms Debah<\/strong> de rencontrer lors de cette longue marche compos\u00e9e de 55 \u00e9tapes des victimes, familles de victimes, militants associatifs, magistrats, etc.<\/p>\n\n\n\n<p><a href=\"https:\/\/tpame-europe.org\/index.php\/la-grande-marche-contre-la-pedocriminalite\/\" data-type=\"page\" data-id=\"147\">Pour en savoir plus&#8230;<\/a><\/p>\n\n\n\n<div style=\"height:100px\" aria-hidden=\"true\" class=\"wp-block-spacer\"><\/div>\n\n\n<div class=\"wp-block-image\">\n<figure class=\"aligncenter size-full\"><img loading=\"lazy\" decoding=\"async\" width=\"150\" height=\"150\" src=\"https:\/\/tpame-europe.org\/wp-content\/uploads\/2023\/12\/cropped-TPAME-Europe.jpg\" alt=\"\" class=\"wp-image-12\" srcset=\"https:\/\/tpame-europe.org\/wp-content\/uploads\/2023\/12\/cropped-TPAME-Europe.jpg 150w, https:\/\/tpame-europe.org\/wp-content\/uploads\/2023\/12\/cropped-TPAME-Europe-60x60.jpg 60w\" sizes=\"auto, (max-width: 150px) 100vw, 150px\" \/><\/figure>\n<\/div>","protected":false},"excerpt":{"rendered":"<p>Grand Rassemblement 2026 L&rsquo;association Touche pas \u00e0 mon enfant &#8211; Europe et ses partenaires appellent \u00e0 un Grand Rassemblement le 4 avril 2026 \u00e0 14h Place de la R\u00e9publique \u00e0 Paris pour que la lutte contre la p\u00e9docriminalit\u00e9 soit d\u00e9clar\u00e9e Grande Cause Nationale. Pour en savoir plus&#8230; L&rsquo;aventure continue Pour en savoir plus&#8230; Conf\u00e9rence du&hellip;&nbsp;<\/p>\n","protected":false},"author":1,"featured_media":0,"parent":0,"menu_order":0,"comment_status":"closed","ping_status":"closed","template":"","meta":{"neve_meta_sidebar":"","neve_meta_container":"","neve_meta_enable_content_width":"","neve_meta_content_width":0,"neve_meta_title_alignment":"","neve_meta_author_avatar":"","neve_post_elements_order":"","neve_meta_disable_header":"","neve_meta_disable_footer":"","neve_meta_disable_title":"","footnotes":""},"class_list":["post-18","page","type-page","status-publish","hentry"],"_links":{"self":[{"href":"https:\/\/tpame-europe.org\/index.php\/wp-json\/wp\/v2\/pages\/18","targetHints":{"allow":["GET"]}}],"collection":[{"href":"https:\/\/tpame-europe.org\/index.php\/wp-json\/wp\/v2\/pages"}],"about":[{"href":"https:\/\/tpame-europe.org\/index.php\/wp-json\/wp\/v2\/types\/page"}],"author":[{"embeddable":true,"href":"https:\/\/tpame-europe.org\/index.php\/wp-json\/wp\/v2\/users\/1"}],"replies":[{"embeddable":true,"href":"https:\/\/tpame-europe.org\/index.php\/wp-json\/wp\/v2\/comments?post=18"}],"version-history":[{"count":22,"href":"https:\/\/tpame-europe.org\/index.php\/wp-json\/wp\/v2\/pages\/18\/revisions"}],"predecessor-version":[{"id":398,"href":"https:\/\/tpame-europe.org\/index.php\/wp-json\/wp\/v2\/pages\/18\/revisions\/398"}],"wp:attachment":[{"href":"https:\/\/tpame-europe.org\/index.php\/wp-json\/wp\/v2\/media?parent=18"}],"curies":[{"name":"wp","href":"https:\/\/api.w.org\/{rel}","templated":true}]}}